{"id":1326,"date":"2026-08-14T08:30:22","date_gmt":"2026-08-14T08:30:22","guid":{"rendered":"https:\/\/formationenfrancais.com\/?page_id=1326"},"modified":"2026-09-02T13:44:14","modified_gmt":"2026-09-02T13:44:14","slug":"coaching-linguistico-frances","status":"publish","type":"page","link":"https:\/\/formationenfrancais.com\/index.php\/coaching-linguistico-frances\/","title":{"rendered":"Coaching Linguistico de franc\u00e9s"},"content":{"rendered":"\t\t<div data-elementor-type=\"wp-page\" data-elementor-id=\"1326\" class=\"elementor elementor-1326\">\n\t\t\t\t<div class=\"elementor-element elementor-element-edc4907 e-flex e-con-boxed e-con e-parent\" data-id=\"edc4907\" data-element_type=\"container\" data-e-type=\"container\">\n\t\t\t\t\t<div class=\"e-con-inner\">\n\t\t\t\t<div class=\"elementor-element elementor-element-5b847e3 elementor-widget-divider--view-line elementor-widget elementor-widget-divider\" data-id=\"5b847e3\" data-element_type=\"widget\" data-e-type=\"widget\" data-widget_type=\"divider.default\">\n\t\t\t\t\t\t\t<div class=\"elementor-divider\">\n\t\t\t<span class=\"elementor-divider-separator\">\n\t\t\t\t\t\t<\/span>\n\t\t<\/div>\n\t\t\t\t\t\t<\/div>\n\t\t\t\t\t<\/div>\n\t\t\t\t<\/div>\n\t\t<div class=\"elementor-element elementor-element-ca4be86 e-con-full e-flex e-con e-parent\" data-id=\"ca4be86\" data-element_type=\"container\" data-e-type=\"container\" data-settings=\"{&quot;background_background&quot;:&quot;classic&quot;}\">\n\t\t<div class=\"elementor-element elementor-element-6b2e3121 e-con-full e-flex e-con e-child\" data-id=\"6b2e3121\" data-element_type=\"container\" data-e-type=\"container\">\n\t\t\t\t<div class=\"elementor-element elementor-element-158debc1 elementor-widget elementor-widget-text-editor\" data-id=\"158debc1\" data-element_type=\"widget\" data-e-type=\"widget\" data-widget_type=\"text-editor.default\">\n\t\t\t\t\t\t\t\t\t<p><span style=\"font-weight: 400;\">El coaching ling\u00fc\u00edstico mejora de manera profesional las habilidades de expresi\u00f3n, en tu caso \u2013 en franc\u00e9s \u2013 utilizando t\u00e9cnicas de coaching. Hacemos una primera entrevista para evaluar tu nivel de idioma actual, identificar tus objetivos ling\u00fc\u00edsticos y desarrollar un plan de acci\u00f3n personalizado para alcanzar esos objetivos.\u00a0<\/span><\/p>\t\t\t\t\t\t\t\t<\/div>\n\t\t\t\t<div class=\"elementor-element elementor-element-72bffd97 elementor-widget elementor-widget-heading\" data-id=\"72bffd97\" data-element_type=\"widget\" data-e-type=\"widget\" data-widget_type=\"heading.default\">\n\t\t\t\t\t<h1 class=\"elementor-heading-title elementor-size-default\">Coaching ling\u00fc\u00edstico en franc\u00e9s<\/h1>\t\t\t\t<\/div>\n\t\t\t\t<div class=\"elementor-element elementor-element-16ee6426 elementor-mobile-align-center elementor-widget elementor-widget-button\" data-id=\"16ee6426\" data-element_type=\"widget\" data-e-type=\"widget\" data-widget_type=\"button.default\">\n\t\t\t\t\t\t\t\t\t\t<a class=\"elementor-button elementor-button-link elementor-size-sm\" href=\"https:\/\/api.whatsapp.com\/send\/?phone=%2B34625581765\" target=\"_blank\">\n\t\t\t\t\t\t<span class=\"elementor-button-content-wrapper\">\n\t\t\t\t\t\t\t\t\t<span class=\"elementor-button-text\">Contactar conmigo<\/span>\n\t\t\t\t\t<\/span>\n\t\t\t\t\t<\/a>\n\t\t\t\t\t\t\t\t<\/div>\n\t\t\t\t<\/div>\n\t\t\t\t<div class=\"elementor-element elementor-element-91ae3c5 elementor-widget elementor-widget-image\" data-id=\"91ae3c5\" data-element_type=\"widget\" data-e-type=\"widget\" data-widget_type=\"image.default\">\n\t\t\t\t\t\t\t\t\t\t\t\t\t\t\t<img fetchpriority=\"high\" decoding=\"async\" width=\"640\" height=\"960\" src=\"https:\/\/formationenfrancais.com\/wp-content\/uploads\/2026\/09\/Sophie-_51-683x1024.jpg\" class=\"attachment-large size-large wp-image-1544\" alt=\"\" srcset=\"https:\/\/formationenfrancais.com\/wp-content\/uploads\/2026\/09\/Sophie-_51-683x1024.jpg 683w, https:\/\/formationenfrancais.com\/wp-content\/uploads\/2026\/09\/Sophie-_51-200x300.jpg 200w, https:\/\/formationenfrancais.com\/wp-content\/uploads\/2026\/09\/Sophie-_51-768x1152.jpg 768w, https:\/\/formationenfrancais.com\/wp-content\/uploads\/2026\/09\/Sophie-_51-1024x1536.jpg 1024w, https:\/\/formationenfrancais.com\/wp-content\/uploads\/2026\/09\/Sophie-_51-1366x2048.jpg 1366w, https:\/\/formationenfrancais.com\/wp-content\/uploads\/2026\/09\/Sophie-_51-scaled.jpg 1707w\" sizes=\"(max-width: 640px) 100vw, 640px\" \/>\t\t\t\t\t\t\t\t\t\t\t\t\t\t\t<\/div>\n\t\t\t\t<\/div>\n\t\t<div class=\"elementor-element elementor-element-51ff26a6 e-con-full e-flex e-con e-parent\" data-id=\"51ff26a6\" data-element_type=\"container\" data-e-type=\"container\" data-settings=\"{&quot;background_background&quot;:&quot;classic&quot;}\">\n\t\t\t\t<div class=\"elementor-element elementor-element-504f8609 elementor-widget elementor-widget-heading\" data-id=\"504f8609\" data-element_type=\"widget\" data-e-type=\"widget\" data-widget_type=\"heading.default\">\n\t\t\t\t\t<h3 class=\"elementor-heading-title elementor-size-default\">\u00bfPara qui\u00e9n?<\/h3>\t\t\t\t<\/div>\n\t\t<div class=\"elementor-element elementor-element-1048d812 e-con-full e-flex e-con e-child\" data-id=\"1048d812\" data-element_type=\"container\" data-e-type=\"container\">\n\t\t\t\t<div class=\"elementor-element elementor-element-4674bdc4 elementor-widget__width-initial elementor-widget elementor-widget-icon-box\" data-id=\"4674bdc4\" data-element_type=\"widget\" data-e-type=\"widget\" data-widget_type=\"icon-box.default\">\n\t\t\t\t\t\t\t<div class=\"elementor-icon-box-wrapper\">\n\n\t\t\t\n\t\t\t\t\t\t<div class=\"elementor-icon-box-content\">\n\n\t\t\t\t\t\t\t\t\t<h4 class=\"elementor-icon-box-title\">\n\t\t\t\t\t\t<span  >\n\t\t\t\t\t\t\tOposiciones &amp; promoci\u00f3n laboral\t\t\t\t\t\t<\/span>\n\t\t\t\t\t<\/h4>\n\t\t\t\t\n\t\t\t\t\t\t\t\t\t<p class=\"elementor-icon-box-description\">\n\t\t\t\t\t\tSesiones de preparaci\u00f3n para ganar confianza en si mismo, mejorar lenguaje y pronunciaci\u00f3n.\t\t\t\t\t<\/p>\n\t\t\t\t\n\t\t\t<\/div>\n\t\t\t\n\t\t<\/div>\n\t\t\t\t\t\t<\/div>\n\t\t\t\t<div class=\"elementor-element elementor-element-efcde1d elementor-widget__width-initial elementor-widget elementor-widget-icon-box\" data-id=\"efcde1d\" data-element_type=\"widget\" data-e-type=\"widget\" data-widget_type=\"icon-box.default\">\n\t\t\t\t\t\t\t<div class=\"elementor-icon-box-wrapper\">\n\n\t\t\t\n\t\t\t\t\t\t<div class=\"elementor-icon-box-content\">\n\n\t\t\t\t\t\t\t\t\t<h4 class=\"elementor-icon-box-title\">\n\t\t\t\t\t\t<span  >\n\t\t\t\t\t\t\tDiplomacia y cargos p\u00fablicos\t\t\t\t\t\t<\/span>\n\t\t\t\t\t<\/h4>\n\t\t\t\t\n\t\t\t\t\t\t\t\t\t<p class=\"elementor-icon-box-description\">\n\t\t\t\t\t\tpreparaci\u00f3n y asesoramiento ling\u00fc\u00edstico de discursos, conferencias etc, para corregir bloqueos.\t\t\t\t\t<\/p>\n\t\t\t\t\n\t\t\t<\/div>\n\t\t\t\n\t\t<\/div>\n\t\t\t\t\t\t<\/div>\n\t\t\t\t<div class=\"elementor-element elementor-element-340031ab elementor-widget__width-initial elementor-widget elementor-widget-icon-box\" data-id=\"340031ab\" data-element_type=\"widget\" data-e-type=\"widget\" data-widget_type=\"icon-box.default\">\n\t\t\t\t\t\t\t<div class=\"elementor-icon-box-wrapper\">\n\n\t\t\t\n\t\t\t\t\t\t<div class=\"elementor-icon-box-content\">\n\n\t\t\t\t\t\t\t\t\t<h4 class=\"elementor-icon-box-title\">\n\t\t\t\t\t\t<span  >\n\t\t\t\t\t\t\tEntrevistas de trabajo\t\t\t\t\t\t<\/span>\n\t\t\t\t\t<\/h4>\n\t\t\t\t\n\t\t\t\t\t\t\t\t\t<p class=\"elementor-icon-box-description\">\n\t\t\t\t\t\tEnfoque sobre la preparaci\u00f3n : vocabulario t\u00e9cnico, preguntas trampas y mejora de la confianza en si mismo.\t\t\t\t\t<\/p>\n\t\t\t\t\n\t\t\t<\/div>\n\t\t\t\n\t\t<\/div>\n\t\t\t\t\t\t<\/div>\n\t\t\t\t<div class=\"elementor-element elementor-element-1256c330 elementor-widget__width-initial elementor-widget elementor-widget-icon-box\" data-id=\"1256c330\" data-element_type=\"widget\" data-e-type=\"widget\" data-widget_type=\"icon-box.default\">\n\t\t\t\t\t\t\t<div class=\"elementor-icon-box-wrapper\">\n\n\t\t\t\n\t\t\t\t\t\t<div class=\"elementor-icon-box-content\">\n\n\t\t\t\t\t\t\t\t\t<h4 class=\"elementor-icon-box-title\">\n\t\t\t\t\t\t<span  >\n\t\t\t\t\t\t\tExpatricaci\u00f3n\t\t\t\t\t\t<\/span>\n\t\t\t\t\t<\/h4>\n\t\t\t\t\n\t\t\t\t\t\t\t\t\t<p class=\"elementor-icon-box-description\">\n\t\t\t\t\t\tSesiones integrales d\u00f3nde tratamos \u00e1mbitos personales de integraci\u00f3n, interculturalidad e idioma para la mejora general.\t\t\t\t\t<\/p>\n\t\t\t\t\n\t\t\t<\/div>\n\t\t\t\n\t\t<\/div>\n\t\t\t\t\t\t<\/div>\n\t\t\t\t<\/div>\n\t\t\t\t<\/div>\n\t\t<div class=\"elementor-element elementor-element-31b9825b e-flex e-con-boxed e-con e-parent\" data-id=\"31b9825b\" data-element_type=\"container\" data-e-type=\"container\">\n\t\t\t\t\t<div class=\"e-con-inner\">\n\t\t<div class=\"elementor-element elementor-element-3d4a6159 e-con-full e-flex e-con e-child\" data-id=\"3d4a6159\" data-element_type=\"container\" data-e-type=\"container\">\n\t\t<div class=\"elementor-element elementor-element-72d4c7ec e-con-full e-flex e-con e-child\" data-id=\"72d4c7ec\" data-element_type=\"container\" data-e-type=\"container\">\n\t\t\t\t<div class=\"elementor-element elementor-element-465fa77a elementor-widget elementor-widget-image\" data-id=\"465fa77a\" data-element_type=\"widget\" data-e-type=\"widget\" data-widget_type=\"image.default\">\n\t\t\t\t\t\t\t\t\t\t\t\t\t\t\t<img decoding=\"async\" src=\"http:\/\/formationenfrancais.com\/wp-content\/uploads\/2026\/08\/Image_Placeholder-about-1.jpeg\" title=\"\" alt=\"\" loading=\"lazy\" \/>\t\t\t\t\t\t\t\t\t\t\t\t\t\t\t<\/div>\n\t\t\t\t<div class=\"elementor-element elementor-element-488365ef elementor-widget elementor-widget-image\" data-id=\"488365ef\" data-element_type=\"widget\" data-e-type=\"widget\" data-widget_type=\"image.default\">\n\t\t\t\t\t\t\t\t\t\t\t\t\t\t\t<img decoding=\"async\" width=\"640\" height=\"960\" src=\"https:\/\/formationenfrancais.com\/wp-content\/uploads\/2026\/09\/Sophie-_52-683x1024.jpg\" class=\"attachment-large size-large wp-image-1545\" alt=\"\" srcset=\"https:\/\/formationenfrancais.com\/wp-content\/uploads\/2026\/09\/Sophie-_52-683x1024.jpg 683w, https:\/\/formationenfrancais.com\/wp-content\/uploads\/2026\/09\/Sophie-_52-200x300.jpg 200w, https:\/\/formationenfrancais.com\/wp-content\/uploads\/2026\/09\/Sophie-_52-768x1152.jpg 768w, https:\/\/formationenfrancais.com\/wp-content\/uploads\/2026\/09\/Sophie-_52-1024x1536.jpg 1024w, https:\/\/formationenfrancais.com\/wp-content\/uploads\/2026\/09\/Sophie-_52-1365x2048.jpg 1365w, https:\/\/formationenfrancais.com\/wp-content\/uploads\/2026\/09\/Sophie-_52-scaled.jpg 1707w\" sizes=\"(max-width: 640px) 100vw, 640px\" \/>\t\t\t\t\t\t\t\t\t\t\t\t\t\t\t<\/div>\n\t\t\t\t<\/div>\n\t\t\t\t<\/div>\n\t\t<div class=\"elementor-element elementor-element-4ca098e9 e-con-full e-flex e-con e-child\" data-id=\"4ca098e9\" data-element_type=\"container\" data-e-type=\"container\">\n\t\t\t\t<div class=\"elementor-element elementor-element-315e676 elementor-widget elementor-widget-heading\" data-id=\"315e676\" data-element_type=\"widget\" data-e-type=\"widget\" data-widget_type=\"heading.default\">\n\t\t\t\t\t<h3 class=\"elementor-heading-title elementor-size-default\">Mejorar tu franc\u00e9s, y tus habilidades<\/h3>\t\t\t\t<\/div>\n\t\t\t\t<div class=\"elementor-element elementor-element-4257cca4 elementor-widget elementor-widget-text-editor\" data-id=\"4257cca4\" data-element_type=\"widget\" data-e-type=\"widget\" data-widget_type=\"text-editor.default\">\n\t\t\t\t\t\t\t\t\t<p><span style=\"font-weight: 400;\">Mi coaching ling\u00fc\u00edstico integra pr\u00e1ctica de conversaci\u00f3n, correcci\u00f3n de la pronunciaci\u00f3n, ampliaci\u00f3n del vocabulario, asimilaci\u00f3n de la gram\u00e1tica y desarrollo de la confianza en ti mismo en la comunicaci\u00f3n en franc\u00e9s. El primer objetivo es ayudarte a mejorar tus habilidades ling\u00fc\u00edsticas de manera efectiva y alcanzar tus objetivos en la comunicaci\u00f3n en franc\u00e9s. En estos \u00faltimos a\u00f1os, he acompa\u00f1ado a profesionales para su expatriaci\u00f3n como m\u00e9dicos, fisioterapeutas, profesores de idiomas, embajadores, directivos, ingenieros entre otras profesiones.<\/span><\/p>\t\t\t\t\t\t\t\t<\/div>\n\t\t\t\t<div class=\"elementor-element elementor-element-425a52fa elementor-mobile-align-center elementor-widget elementor-widget-button\" data-id=\"425a52fa\" data-element_type=\"widget\" data-e-type=\"widget\" data-settings=\"{&quot;_animation&quot;:&quot;none&quot;}\" data-widget_type=\"button.default\">\n\t\t\t\t\t\t\t\t\t\t<a class=\"elementor-button elementor-button-link elementor-size-sm\" href=\"https:\/\/api.whatsapp.com\/send\/?phone=%2B34625581765\" target=\"_blank\">\n\t\t\t\t\t\t<span class=\"elementor-button-content-wrapper\">\n\t\t\t\t\t\t\t\t\t<span class=\"elementor-button-text\">\u00bfAlguna pregunta?<\/span>\n\t\t\t\t\t<\/span>\n\t\t\t\t\t<\/a>\n\t\t\t\t\t\t\t\t<\/div>\n\t\t\t\t<\/div>\n\t\t\t\t\t<\/div>\n\t\t\t\t<\/div>\n\t\t<div class=\"elementor-element elementor-element-53db21db e-con-full e-flex e-con e-parent\" data-id=\"53db21db\" data-element_type=\"container\" data-e-type=\"container\">\n\t\t\t\t<div class=\"elementor-element elementor-element-8c5787b elementor-widget elementor-widget-heading\" data-id=\"8c5787b\" data-element_type=\"widget\" data-e-type=\"widget\" data-widget_type=\"heading.default\">\n\t\t\t\t\t<h3 class=\"elementor-heading-title elementor-size-default\">Workshops &amp; eventos para empresas <\/h3>\t\t\t\t<\/div>\n\t\t\t\t<div class=\"elementor-element elementor-element-ca0dc01 elementor-widget elementor-widget-text-editor\" data-id=\"ca0dc01\" data-element_type=\"widget\" data-e-type=\"widget\" data-widget_type=\"text-editor.default\">\n\t\t\t\t\t\t\t\t\t<p>Workshops, eventos para directivos, team buildings con din\u00e1micas en franc\u00e9s\u00a0 con tem\u00e1ticas corporativas,soft skills, gastronom\u00eda etc.<\/p>\t\t\t\t\t\t\t\t<\/div>\n\t\t\t\t<div class=\"elementor-element elementor-element-41f43c24 elementor-align-center elementor-mobile-align-center elementor-widget elementor-widget-button\" data-id=\"41f43c24\" data-element_type=\"widget\" data-e-type=\"widget\" data-widget_type=\"button.default\">\n\t\t\t\t\t\t\t\t\t\t<a class=\"elementor-button elementor-button-link elementor-size-sm\" href=\"https:\/\/api.whatsapp.com\/send\/?phone=%2B34625581765\">\n\t\t\t\t\t\t<span class=\"elementor-button-content-wrapper\">\n\t\t\t\t\t\t\t\t\t<span class=\"elementor-button-text\">Consultar<\/span>\n\t\t\t\t\t<\/span>\n\t\t\t\t\t<\/a>\n\t\t\t\t\t\t\t\t<\/div>\n\t\t\t\t<\/div>\n\t\t\t\t<\/div>\n\t\t","protected":false},"excerpt":{"rendered":"<p>El coaching ling\u00fc\u00edstico mejora de manera profesional las habilidades de expresi\u00f3n, en tu caso \u2013 en franc\u00e9s \u2013 utilizando t\u00e9cnicas de coaching. Hacemos una primera entrevista para evaluar tu nivel de idioma actual, identificar tus objetivos ling\u00fc\u00edsticos y desarrollar un plan de acci\u00f3n personalizado para alcanzar esos objetivos.\u00a0 Coaching ling\u00fc\u00edstico en franc\u00e9s Contactar conmigo \u00bfPara [&hellip;]<\/p>\n","protected":false},"author":1,"featured_media":0,"parent":0,"menu_order":0,"comment_status":"closed","ping_status":"closed","template":"","meta":{"elearning_container_layout":"tg-site-layout--default","elearning_sidebar_layout":"tg-site-layout--default","elearning_remove_content_margin":false,"elearning_sidebar":"default","elearning_transparent_header":"customizer","elearning_logo":0,"elearning_header_style":"default","elearning_menu_item_color":"","elearning_menu_item_hover_color":"","elearning_menu_item_active_color":"","elearning_menu_item_active_style":"","elearning_page_header":true,"footnotes":""},"class_list":["post-1326","page","type-page","status-publish","hentry"],"yoast_head":"<!-- This site is optimized with the Yoast SEO plugin v28.4 - https:\/\/yoast.com\/product\/yoast-seo-wordpress\/ -->\n<title>Coaching Linguistico de franc\u00e9s - Formation en fran\u00e7ais<\/title>\n<meta name=\"description\" content=\"Mejora tu franc\u00e9s gracias al coaching ling\u00fc\u00edstico : tu coach en franc\u00e9s te acompa\u00f1a para mejorar tu franc\u00e9s profesional y alcanzar metas.\" \/>\n<meta name=\"robots\" content=\"index, follow, max-snippet:-1, max-image-preview:large, max-video-preview:-1\" \/>\n<link rel=\"canonical\" href=\"https:\/\/formationenfrancais.com\/index.php\/coaching-linguistico-frances\/\" \/>\n<meta property=\"og:locale\" content=\"es_ES\" \/>\n<meta property=\"og:type\" content=\"article\" \/>\n<meta property=\"og:title\" content=\"Coaching Linguistico de franc\u00e9s - Formation en fran\u00e7ais\" \/>\n<meta property=\"og:description\" content=\"Mejora tu franc\u00e9s gracias al coaching ling\u00fc\u00edstico : tu coach en franc\u00e9s te acompa\u00f1a para mejorar tu franc\u00e9s profesional y alcanzar metas.\" \/>\n<meta property=\"og:url\" content=\"https:\/\/formationenfrancais.com\/index.php\/coaching-linguistico-frances\/\" \/>\n<meta property=\"og:site_name\" content=\"Formation en fran\u00e7ais\" \/>\n<meta property=\"article:modified_time\" content=\"2026-09-02T13:44:14+00:00\" \/>\n<meta property=\"og:image\" content=\"http:\/\/formationenfrancais.com\/wp-content\/uploads\/2026\/09\/Sophie-_51-683x1024.jpg\" \/>\n<meta name=\"twitter:card\" content=\"summary_large_image\" \/>\n<meta name=\"twitter:label1\" content=\"Tiempo de lectura\" \/>\n\t<meta name=\"twitter:data1\" content=\"2 minutos\" \/>\n<script type=\"application\/ld+json\" class=\"yoast-schema-graph\">{\"@context\":\"https:\\\/\\\/schema.org\",\"@graph\":[{\"@type\":\"WebPage\",\"@id\":\"https:\\\/\\\/formationenfrancais.com\\\/index.php\\\/coaching-linguistico-frances\\\/\",\"url\":\"https:\\\/\\\/formationenfrancais.com\\\/index.php\\\/coaching-linguistico-frances\\\/\",\"name\":\"Coaching Linguistico de franc\u00e9s - Formation en fran\u00e7ais\",\"isPartOf\":{\"@id\":\"https:\\\/\\\/formationenfrancais.com\\\/#website\"},\"primaryImageOfPage\":{\"@id\":\"https:\\\/\\\/formationenfrancais.com\\\/index.php\\\/coaching-linguistico-frances\\\/#primaryimage\"},\"image\":{\"@id\":\"https:\\\/\\\/formationenfrancais.com\\\/index.php\\\/coaching-linguistico-frances\\\/#primaryimage\"},\"thumbnailUrl\":\"http:\\\/\\\/formationenfrancais.com\\\/wp-content\\\/uploads\\\/2026\\\/09\\\/Sophie-_51-683x1024.jpg\",\"datePublished\":\"2026-08-14T08:30:22+00:00\",\"dateModified\":\"2026-09-02T13:44:14+00:00\",\"description\":\"Mejora tu franc\u00e9s gracias al coaching ling\u00fc\u00edstico : tu coach en franc\u00e9s te acompa\u00f1a para mejorar tu franc\u00e9s profesional y alcanzar metas.\",\"breadcrumb\":{\"@id\":\"https:\\\/\\\/formationenfrancais.com\\\/index.php\\\/coaching-linguistico-frances\\\/#breadcrumb\"},\"inLanguage\":\"es\",\"potentialAction\":[{\"@type\":\"ReadAction\",\"target\":[\"https:\\\/\\\/formationenfrancais.com\\\/index.php\\\/coaching-linguistico-frances\\\/\"]}]},{\"@type\":\"ImageObject\",\"inLanguage\":\"es\",\"@id\":\"https:\\\/\\\/formationenfrancais.com\\\/index.php\\\/coaching-linguistico-frances\\\/#primaryimage\",\"url\":\"https:\\\/\\\/formationenfrancais.com\\\/wp-content\\\/uploads\\\/2026\\\/09\\\/Sophie-_51-scaled.jpg\",\"contentUrl\":\"https:\\\/\\\/formationenfrancais.com\\\/wp-content\\\/uploads\\\/2026\\\/09\\\/Sophie-_51-scaled.jpg\",\"width\":1707,\"height\":2560},{\"@type\":\"BreadcrumbList\",\"@id\":\"https:\\\/\\\/formationenfrancais.com\\\/index.php\\\/coaching-linguistico-frances\\\/#breadcrumb\",\"itemListElement\":[{\"@type\":\"ListItem\",\"position\":1,\"name\":\"Portada\",\"item\":\"https:\\\/\\\/formationenfrancais.com\\\/\"},{\"@type\":\"ListItem\",\"position\":2,\"name\":\"Coaching Linguistico de franc\u00e9s\"}]},{\"@type\":\"WebSite\",\"@id\":\"https:\\\/\\\/formationenfrancais.com\\\/#website\",\"url\":\"https:\\\/\\\/formationenfrancais.com\\\/\",\"name\":\"Formation en fran\u00e7ais\",\"description\":\"Franc\u00e9s para empresas, profesionales y instituciones\",\"publisher\":{\"@id\":\"https:\\\/\\\/formationenfrancais.com\\\/#organization\"},\"potentialAction\":[{\"@type\":\"SearchAction\",\"target\":{\"@type\":\"EntryPoint\",\"urlTemplate\":\"https:\\\/\\\/formationenfrancais.com\\\/?s={search_term_string}\"},\"query-input\":{\"@type\":\"PropertyValueSpecification\",\"valueRequired\":true,\"valueName\":\"search_term_string\"}}],\"inLanguage\":\"es\"},{\"@type\":\"Organization\",\"@id\":\"https:\\\/\\\/formationenfrancais.com\\\/#organization\",\"name\":\"Formation en fran\u00e7ais\",\"url\":\"https:\\\/\\\/formationenfrancais.com\\\/\",\"logo\":{\"@type\":\"ImageObject\",\"inLanguage\":\"es\",\"@id\":\"https:\\\/\\\/formationenfrancais.com\\\/#\\\/schema\\\/logo\\\/image\\\/\",\"url\":\"https:\\\/\\\/formationenfrancais.com\\\/wp-content\\\/uploads\\\/2026\\\/08\\\/solo-logos-01-2021-01.webp\",\"contentUrl\":\"https:\\\/\\\/formationenfrancais.com\\\/wp-content\\\/uploads\\\/2026\\\/08\\\/solo-logos-01-2021-01.webp\",\"width\":1051,\"height\":520,\"caption\":\"Formation en fran\u00e7ais\"},\"image\":{\"@id\":\"https:\\\/\\\/formationenfrancais.com\\\/#\\\/schema\\\/logo\\\/image\\\/\"}}]}<\/script>\n<!-- \/ Yoast SEO plugin. -->","yoast_head_json":{"title":"Coaching Linguistico de franc\u00e9s - Formation en fran\u00e7ais","description":"Mejora tu franc\u00e9s gracias al coaching ling\u00fc\u00edstico : tu coach en franc\u00e9s te acompa\u00f1a para mejorar tu franc\u00e9s profesional y alcanzar metas.","robots":{"index":"index","follow":"follow","max-snippet":"max-snippet:-1","max-image-preview":"max-image-preview:large","max-video-preview":"max-video-preview:-1"},"canonical":"https:\/\/formationenfrancais.com\/index.php\/coaching-linguistico-frances\/","og_locale":"es_ES","og_type":"article","og_title":"Coaching Linguistico de franc\u00e9s - Formation en fran\u00e7ais","og_description":"Mejora tu franc\u00e9s gracias al coaching ling\u00fc\u00edstico : tu coach en franc\u00e9s te acompa\u00f1a para mejorar tu franc\u00e9s profesional y alcanzar metas.","og_url":"https:\/\/formationenfrancais.com\/index.php\/coaching-linguistico-frances\/","og_site_name":"Formation en fran\u00e7ais","article_modified_time":"2026-09-02T13:44:14+00:00","og_image":[{"url":"http:\/\/formationenfrancais.com\/wp-content\/uploads\/2026\/09\/Sophie-_51-683x1024.jpg","type":"","width":"","height":""}],"twitter_card":"summary_large_image","twitter_misc":{"Tiempo de lectura":"2 minutos"},"schema":{"@context":"https:\/\/schema.org","@graph":[{"@type":"WebPage","@id":"https:\/\/formationenfrancais.com\/index.php\/coaching-linguistico-frances\/","url":"https:\/\/formationenfrancais.com\/index.php\/coaching-linguistico-frances\/","name":"Coaching Linguistico de franc\u00e9s - Formation en fran\u00e7ais","isPartOf":{"@id":"https:\/\/formationenfrancais.com\/#website"},"primaryImageOfPage":{"@id":"https:\/\/formationenfrancais.com\/index.php\/coaching-linguistico-frances\/#primaryimage"},"image":{"@id":"https:\/\/formationenfrancais.com\/index.php\/coaching-linguistico-frances\/#primaryimage"},"thumbnailUrl":"http:\/\/formationenfrancais.com\/wp-content\/uploads\/2026\/09\/Sophie-_51-683x1024.jpg","datePublished":"2026-08-14T08:30:22+00:00","dateModified":"2026-09-02T13:44:14+00:00","description":"Mejora tu franc\u00e9s gracias al coaching ling\u00fc\u00edstico : tu coach en franc\u00e9s te acompa\u00f1a para mejorar tu franc\u00e9s profesional y alcanzar metas.","breadcrumb":{"@id":"https:\/\/formationenfrancais.com\/index.php\/coaching-linguistico-frances\/#breadcrumb"},"inLanguage":"es","potentialAction":[{"@type":"ReadAction","target":["https:\/\/formationenfrancais.com\/index.php\/coaching-linguistico-frances\/"]}]},{"@type":"ImageObject","inLanguage":"es","@id":"https:\/\/formationenfrancais.com\/index.php\/coaching-linguistico-frances\/#primaryimage","url":"https:\/\/formationenfrancais.com\/wp-content\/uploads\/2026\/09\/Sophie-_51-scaled.jpg","contentUrl":"https:\/\/formationenfrancais.com\/wp-content\/uploads\/2026\/09\/Sophie-_51-scaled.jpg","width":1707,"height":2560},{"@type":"BreadcrumbList","@id":"https:\/\/formationenfrancais.com\/index.php\/coaching-linguistico-frances\/#breadcrumb","itemListElement":[{"@type":"ListItem","position":1,"name":"Portada","item":"https:\/\/formationenfrancais.com\/"},{"@type":"ListItem","position":2,"name":"Coaching Linguistico de franc\u00e9s"}]},{"@type":"WebSite","@id":"https:\/\/formationenfrancais.com\/#website","url":"https:\/\/formationenfrancais.com\/","name":"Formation en fran\u00e7ais","description":"Franc\u00e9s para empresas, profesionales y instituciones","publisher":{"@id":"https:\/\/formationenfrancais.com\/#organization"},"potentialAction":[{"@type":"SearchAction","target":{"@type":"EntryPoint","urlTemplate":"https:\/\/formationenfrancais.com\/?s={search_term_string}"},"query-input":{"@type":"PropertyValueSpecification","valueRequired":true,"valueName":"search_term_string"}}],"inLanguage":"es"},{"@type":"Organization","@id":"https:\/\/formationenfrancais.com\/#organization","name":"Formation en fran\u00e7ais","url":"https:\/\/formationenfrancais.com\/","logo":{"@type":"ImageObject","inLanguage":"es","@id":"https:\/\/formationenfrancais.com\/#\/schema\/logo\/image\/","url":"https:\/\/formationenfrancais.com\/wp-content\/uploads\/2026\/08\/solo-logos-01-2021-01.webp","contentUrl":"https:\/\/formationenfrancais.com\/wp-content\/uploads\/2026\/08\/solo-logos-01-2021-01.webp","width":1051,"height":520,"caption":"Formation en fran\u00e7ais"},"image":{"@id":"https:\/\/formationenfrancais.com\/#\/schema\/logo\/image\/"}}]}},"jetpack_sharing_enabled":true,"_links":{"self":[{"href":"https:\/\/formationenfrancais.com\/index.php\/wp-json\/wp\/v2\/pages\/1326","targetHints":{"allow":["GET"]}}],"collection":[{"href":"https:\/\/formationenfrancais.com\/index.php\/wp-json\/wp\/v2\/pages"}],"about":[{"href":"https:\/\/formationenfrancais.com\/index.php\/wp-json\/wp\/v2\/types\/page"}],"author":[{"embeddable":true,"href":"https:\/\/formationenfrancais.com\/index.php\/wp-json\/wp\/v2\/users\/1"}],"replies":[{"embeddable":true,"href":"https:\/\/formationenfrancais.com\/index.php\/wp-json\/wp\/v2\/comments?post=1326"}],"version-history":[{"count":22,"href":"https:\/\/formationenfrancais.com\/index.php\/wp-json\/wp\/v2\/pages\/1326\/revisions"}],"predecessor-version":[{"id":1604,"href":"https:\/\/formationenfrancais.com\/index.php\/wp-json\/wp\/v2\/pages\/1326\/revisions\/1604"}],"wp:attachment":[{"href":"https:\/\/formationenfrancais.com\/index.php\/wp-json\/wp\/v2\/media?parent=1326"}],"curies":[{"name":"wp","href":"https:\/\/api.w.org\/{rel}","templated":true}]}}