{"id":1293,"date":"2026-08-10T16:07:34","date_gmt":"2026-08-10T16:07:34","guid":{"rendered":"https:\/\/formationenfrancais.com\/?page_id=1293"},"modified":"2026-09-02T13:41:50","modified_gmt":"2026-09-02T13:41:50","slug":"frances-para-empresas","status":"publish","type":"page","link":"https:\/\/formationenfrancais.com\/index.php\/frances-para-empresas\/","title":{"rendered":"Franc\u00e9s para empresas"},"content":{"rendered":"\t\t<div data-elementor-type=\"wp-page\" data-elementor-id=\"1293\" class=\"elementor elementor-1293\">\n\t\t\t\t<div class=\"elementor-element elementor-element-edc4907 e-flex e-con-boxed e-con e-parent\" data-id=\"edc4907\" data-element_type=\"container\" data-e-type=\"container\">\n\t\t\t\t\t<div class=\"e-con-inner\">\n\t\t\t\t<div class=\"elementor-element elementor-element-5b847e3 elementor-widget-divider--view-line elementor-widget elementor-widget-divider\" data-id=\"5b847e3\" data-element_type=\"widget\" data-e-type=\"widget\" data-widget_type=\"divider.default\">\n\t\t\t\t\t\t\t<div class=\"elementor-divider\">\n\t\t\t<span class=\"elementor-divider-separator\">\n\t\t\t\t\t\t<\/span>\n\t\t<\/div>\n\t\t\t\t\t\t<\/div>\n\t\t\t\t\t<\/div>\n\t\t\t\t<\/div>\n\t\t<div class=\"elementor-element elementor-element-14c0c84c e-con-full e-flex e-con e-parent\" data-id=\"14c0c84c\" data-element_type=\"container\" data-e-type=\"container\" data-settings=\"{&quot;background_background&quot;:&quot;classic&quot;}\">\n\t\t<div class=\"elementor-element elementor-element-3623f996 e-con-full e-flex e-con e-child\" data-id=\"3623f996\" data-element_type=\"container\" data-e-type=\"container\">\n\t\t\t\t<div class=\"elementor-element elementor-element-1138ca97 elementor-widget elementor-widget-image\" data-id=\"1138ca97\" data-element_type=\"widget\" data-e-type=\"widget\" data-widget_type=\"image.default\">\n\t\t\t\t\t\t\t\t\t\t\t\t\t\t\t<img fetchpriority=\"high\" decoding=\"async\" width=\"640\" height=\"427\" src=\"https:\/\/formationenfrancais.com\/wp-content\/uploads\/2026\/09\/Sophie-_120-1024x683.jpg\" class=\"attachment-large size-large wp-image-1540\" alt=\"\" srcset=\"https:\/\/formationenfrancais.com\/wp-content\/uploads\/2026\/09\/Sophie-_120-1024x683.jpg 1024w, https:\/\/formationenfrancais.com\/wp-content\/uploads\/2026\/09\/Sophie-_120-300x200.jpg 300w, https:\/\/formationenfrancais.com\/wp-content\/uploads\/2026\/09\/Sophie-_120-768x512.jpg 768w, https:\/\/formationenfrancais.com\/wp-content\/uploads\/2026\/09\/Sophie-_120-1536x1024.jpg 1536w, https:\/\/formationenfrancais.com\/wp-content\/uploads\/2026\/09\/Sophie-_120-2048x1366.jpg 2048w\" sizes=\"(max-width: 640px) 100vw, 640px\" \/>\t\t\t\t\t\t\t\t\t\t\t\t\t\t\t<\/div>\n\t\t\t\t<\/div>\n\t\t<div class=\"elementor-element elementor-element-468e3a43 e-con-full e-flex e-con e-child\" data-id=\"468e3a43\" data-element_type=\"container\" data-e-type=\"container\">\n\t\t\t\t<div class=\"elementor-element elementor-element-76f58c7c elementor-widget elementor-widget-heading\" data-id=\"76f58c7c\" data-element_type=\"widget\" data-e-type=\"widget\" data-widget_type=\"heading.default\">\n\t\t\t\t\t<h1 class=\"elementor-heading-title elementor-size-default\">Franc\u00e9s profesional para empresas<\/h1>\t\t\t\t<\/div>\n\t\t\t\t<div class=\"elementor-element elementor-element-1ff6890c elementor-widget elementor-widget-text-editor\" data-id=\"1ff6890c\" data-element_type=\"widget\" data-e-type=\"widget\" data-widget_type=\"text-editor.default\">\n\t\t\t\t\t\t\t\t\t<p>Aprovechar y mejorar su franc\u00e9s en \u00e1mbito profesional para comunicar con colaboradores y clientes.<\/p>\t\t\t\t\t\t\t\t<\/div>\n\t\t\t\t<\/div>\n\t\t\t\t<\/div>\n\t\t<div class=\"elementor-element elementor-element-3011ad24 e-con-full e-flex e-con e-parent\" data-id=\"3011ad24\" data-element_type=\"container\" data-e-type=\"container\" data-settings=\"{&quot;background_background&quot;:&quot;classic&quot;}\">\n\t\t<div class=\"elementor-element elementor-element-6ef891f3 e-con-full e-flex e-con e-child\" data-id=\"6ef891f3\" data-element_type=\"container\" data-e-type=\"container\">\n\t\t\t\t<div class=\"elementor-element elementor-element-3f7badd5 elementor-widget elementor-widget-heading\" data-id=\"3f7badd5\" data-element_type=\"widget\" data-e-type=\"widget\" data-widget_type=\"heading.default\">\n\t\t\t\t\t<h2 class=\"elementor-heading-title elementor-size-default\">Formaci\u00f3n integrativa en franc\u00e9s<\/h2>\t\t\t\t<\/div>\n\t\t\t\t<div class=\"elementor-element elementor-element-24e36fd3 elementor-widget elementor-widget-text-editor\" data-id=\"24e36fd3\" data-element_type=\"widget\" data-e-type=\"widget\" data-widget_type=\"text-editor.default\">\n\t\t\t\t\t\t\t\t\t<p><span style=\"font-weight: 400;\">Desde 2013, impartimos formaci\u00f3n en franc\u00e9s para empresas de sectores muy variados como la tecnolog\u00eda, la automoci\u00f3n, la industria del mueble,\u00a0 la moda, la medicina y la diplomacia. Ofrecemos formaci\u00f3n continua centrada en su sector y sus necesidades as\u00ed como talleres de desarrollo personal y de competencias en franc\u00e9s.<\/span><\/p>\t\t\t\t\t\t\t\t<\/div>\n\t\t\t\t<\/div>\n\t\t<div class=\"elementor-element elementor-element-1c6793e1 e-con-full e-flex e-con e-child\" data-id=\"1c6793e1\" data-element_type=\"container\" data-e-type=\"container\">\n\t\t\t\t<div class=\"elementor-element elementor-element-fdf6661 elementor-view-default elementor-widget elementor-widget-icon\" data-id=\"fdf6661\" data-element_type=\"widget\" data-e-type=\"widget\" data-widget_type=\"icon.default\">\n\t\t\t\t\t\t\t<div class=\"elementor-icon-wrapper\">\n\t\t\t<div class=\"elementor-icon\">\n\t\t\t<svg aria-hidden=\"true\" class=\"e-font-icon-svg e-fas-graduation-cap\" viewBox=\"0 0 640 512\" xmlns=\"http:\/\/www.w3.org\/2000\/svg\"><path d=\"M622.34 153.2L343.4 67.5c-15.2-4.67-31.6-4.67-46.79 0L17.66 153.2c-23.54 7.23-23.54 38.36 0 45.59l48.63 14.94c-10.67 13.19-17.23 29.28-17.88 46.9C38.78 266.15 32 276.11 32 288c0 10.78 5.68 19.85 13.86 25.65L20.33 428.53C18.11 438.52 25.71 448 35.94 448h56.11c10.24 0 17.84-9.48 15.62-19.47L82.14 313.65C90.32 307.85 96 298.78 96 288c0-11.57-6.47-21.25-15.66-26.87.76-15.02 8.44-28.3 20.69-36.72L296.6 284.5c9.06 2.78 26.44 6.25 46.79 0l278.95-85.7c23.55-7.24 23.55-38.36 0-45.6zM352.79 315.09c-28.53 8.76-52.84 3.92-65.59 0l-145.02-44.55L128 384c0 35.35 85.96 64 192 64s192-28.65 192-64l-14.18-113.47-145.03 44.56z\"><\/path><\/svg>\t\t\t<\/div>\n\t\t<\/div>\n\t\t\t\t\t\t<\/div>\n\t\t\t\t<div class=\"elementor-element elementor-element-778869e9 elementor-widget elementor-widget-image\" data-id=\"778869e9\" data-element_type=\"widget\" data-e-type=\"widget\" data-widget_type=\"image.default\">\n\t\t\t\t\t\t\t\t\t\t\t\t\t\t\t<img decoding=\"async\" src=\"http:\/\/formationenfrancais.com\/wp-content\/uploads\/2026\/08\/Image-Contact-1.jpg\" title=\"\" alt=\"\" loading=\"lazy\" \/>\t\t\t\t\t\t\t\t\t\t\t\t\t\t\t<\/div>\n\t\t\t\t<\/div>\n\t\t\t\t<\/div>\n\t\t<div class=\"elementor-element elementor-element-6dc246ce e-con-full e-flex e-con e-parent\" data-id=\"6dc246ce\" data-element_type=\"container\" data-e-type=\"container\" data-settings=\"{&quot;background_background&quot;:&quot;classic&quot;}\">\n\t\t<div class=\"elementor-element elementor-element-5b765b35 e-con-full e-flex e-con e-child\" data-id=\"5b765b35\" data-element_type=\"container\" data-e-type=\"container\">\n\t\t\t\t<div class=\"elementor-element elementor-element-533a4c37 elementor-widget elementor-widget-heading\" data-id=\"533a4c37\" data-element_type=\"widget\" data-e-type=\"widget\" data-widget_type=\"heading.default\">\n\t\t\t\t\t<h2 class=\"elementor-heading-title elementor-size-default\">Bonificaci\u00f3n Fundae\n<\/h2>\t\t\t\t<\/div>\n\t\t\t\t<div class=\"elementor-element elementor-element-5ea2c55f elementor-widget elementor-widget-text-editor\" data-id=\"5ea2c55f\" data-element_type=\"widget\" data-e-type=\"widget\" data-widget_type=\"text-editor.default\">\n\t\t\t\t\t\t\t\t\t<p><span style=\"font-weight: 400;\">Bonificaci\u00f3n Fundae hasta el 100% en sus cursos de franc\u00e9s gracias a nuestros colaboradores. Nos encargamos de gestionarlo para que pueda aprovechar al m\u00e1ximo sus cr\u00e9ditos formativos y no perderlos al final del a\u00f1o.<\/span><\/p>\t\t\t\t\t\t\t\t<\/div>\n\t\t\t\t<\/div>\n\t\t<div class=\"elementor-element elementor-element-1fd04374 e-con-full e-flex e-con e-child\" data-id=\"1fd04374\" data-element_type=\"container\" data-e-type=\"container\">\n\t\t\t\t<div class=\"elementor-element elementor-element-6827a636 elementor-widget elementor-widget-image\" data-id=\"6827a636\" data-element_type=\"widget\" data-e-type=\"widget\" data-widget_type=\"image.default\">\n\t\t\t\t\t\t\t\t\t\t\t\t\t\t\t<img decoding=\"async\" src=\"http:\/\/formationenfrancais.com\/wp-content\/uploads\/2026\/08\/Image-Contact-1.jpg\" title=\"\" alt=\"\" loading=\"lazy\" \/>\t\t\t\t\t\t\t\t\t\t\t\t\t\t\t<\/div>\n\t\t\t\t<div class=\"elementor-element elementor-element-59d05c7 elementor-view-default elementor-widget elementor-widget-icon\" data-id=\"59d05c7\" data-element_type=\"widget\" data-e-type=\"widget\" data-widget_type=\"icon.default\">\n\t\t\t\t\t\t\t<div class=\"elementor-icon-wrapper\">\n\t\t\t<div class=\"elementor-icon\">\n\t\t\t<svg aria-hidden=\"true\" class=\"e-font-icon-svg e-fas-infinity\" viewBox=\"0 0 640 512\" xmlns=\"http:\/\/www.w3.org\/2000\/svg\"><path d=\"M471.1 96C405 96 353.3 137.3 320 174.6 286.7 137.3 235 96 168.9 96 75.8 96 0 167.8 0 256s75.8 160 168.9 160c66.1 0 117.8-41.3 151.1-78.6 33.3 37.3 85 78.6 151.1 78.6 93.1 0 168.9-71.8 168.9-160S564.2 96 471.1 96zM168.9 320c-40.2 0-72.9-28.7-72.9-64s32.7-64 72.9-64c38.2 0 73.4 36.1 94 64-20.4 27.6-55.9 64-94 64zm302.2 0c-38.2 0-73.4-36.1-94-64 20.4-27.6 55.9-64 94-64 40.2 0 72.9 28.7 72.9 64s-32.7 64-72.9 64z\"><\/path><\/svg>\t\t\t<\/div>\n\t\t<\/div>\n\t\t\t\t\t\t<\/div>\n\t\t\t\t<\/div>\n\t\t\t\t<\/div>\n\t\t<div class=\"elementor-element elementor-element-71680f12 e-con-full e-flex e-con e-parent\" data-id=\"71680f12\" data-element_type=\"container\" data-e-type=\"container\" data-settings=\"{&quot;background_background&quot;:&quot;classic&quot;}\">\n\t\t<div class=\"elementor-element elementor-element-6367b6b9 e-con-full e-flex e-con e-child\" data-id=\"6367b6b9\" data-element_type=\"container\" data-e-type=\"container\">\n\t\t\t\t<div class=\"elementor-element elementor-element-4fe6adf2 elementor-widget elementor-widget-heading\" data-id=\"4fe6adf2\" data-element_type=\"widget\" data-e-type=\"widget\" data-widget_type=\"heading.default\">\n\t\t\t\t\t<h2 class=\"elementor-heading-title elementor-size-default\">Workhops en franc\u00e9s\n<\/h2>\t\t\t\t<\/div>\n\t\t\t\t<div class=\"elementor-element elementor-element-31872ab3 elementor-widget elementor-widget-text-editor\" data-id=\"31872ab3\" data-element_type=\"widget\" data-e-type=\"widget\" data-widget_type=\"text-editor.default\">\n\t\t\t\t\t\t\t\t\t<p><span style=\"font-weight: 400;\">Hablar en publico, gestionar conflictos, desarrollar el pensamiento critico, mejorar sus presentaciones, y comunicar de forma positiva son algunos de los talleres que ofrecemos, para potenciar competencia a la vez del franc\u00e9s.<\/span><\/p>\t\t\t\t\t\t\t\t<\/div>\n\t\t\t\t<div class=\"elementor-element elementor-element-ccdbdaf elementor-mobile-align-center elementor-align-center elementor-widget elementor-widget-button\" data-id=\"ccdbdaf\" data-element_type=\"widget\" data-e-type=\"widget\" data-widget_type=\"button.default\">\n\t\t\t\t\t\t\t\t\t\t<a class=\"elementor-button elementor-size-sm\" role=\"button\">\n\t\t\t\t\t\t<span class=\"elementor-button-content-wrapper\">\n\t\t\t\t\t\t\t\t\t<span class=\"elementor-button-text\">Consultar dossier<\/span>\n\t\t\t\t\t<\/span>\n\t\t\t\t\t<\/a>\n\t\t\t\t\t\t\t\t<\/div>\n\t\t\t\t<\/div>\n\t\t<div class=\"elementor-element elementor-element-49ab634c e-con-full e-flex e-con e-child\" data-id=\"49ab634c\" data-element_type=\"container\" data-e-type=\"container\">\n\t\t\t\t<div class=\"elementor-element elementor-element-66ca75f elementor-view-default elementor-widget elementor-widget-icon\" data-id=\"66ca75f\" data-element_type=\"widget\" data-e-type=\"widget\" data-widget_type=\"icon.default\">\n\t\t\t\t\t\t\t<div class=\"elementor-icon-wrapper\">\n\t\t\t<div class=\"elementor-icon\">\n\t\t\t<svg aria-hidden=\"true\" class=\"e-font-icon-svg e-fas-users-cog\" viewBox=\"0 0 640 512\" xmlns=\"http:\/\/www.w3.org\/2000\/svg\"><path d=\"M610.5 341.3c2.6-14.1 2.6-28.5 0-42.6l25.8-14.9c3-1.7 4.3-5.2 3.3-8.5-6.7-21.6-18.2-41.2-33.2-57.4-2.3-2.5-6-3.1-9-1.4l-25.8 14.9c-10.9-9.3-23.4-16.5-36.9-21.3v-29.8c0-3.4-2.4-6.4-5.7-7.1-22.3-5-45-4.8-66.2 0-3.3.7-5.7 3.7-5.7 7.1v29.8c-13.5 4.8-26 12-36.9 21.3l-25.8-14.9c-2.9-1.7-6.7-1.1-9 1.4-15 16.2-26.5 35.8-33.2 57.4-1 3.3.4 6.8 3.3 8.5l25.8 14.9c-2.6 14.1-2.6 28.5 0 42.6l-25.8 14.9c-3 1.7-4.3 5.2-3.3 8.5 6.7 21.6 18.2 41.1 33.2 57.4 2.3 2.5 6 3.1 9 1.4l25.8-14.9c10.9 9.3 23.4 16.5 36.9 21.3v29.8c0 3.4 2.4 6.4 5.7 7.1 22.3 5 45 4.8 66.2 0 3.3-.7 5.7-3.7 5.7-7.1v-29.8c13.5-4.8 26-12 36.9-21.3l25.8 14.9c2.9 1.7 6.7 1.1 9-1.4 15-16.2 26.5-35.8 33.2-57.4 1-3.3-.4-6.8-3.3-8.5l-25.8-14.9zM496 368.5c-26.8 0-48.5-21.8-48.5-48.5s21.8-48.5 48.5-48.5 48.5 21.8 48.5 48.5-21.7 48.5-48.5 48.5zM96 224c35.3 0 64-28.7 64-64s-28.7-64-64-64-64 28.7-64 64 28.7 64 64 64zm224 32c1.9 0 3.7-.5 5.6-.6 8.3-21.7 20.5-42.1 36.3-59.2 7.4-8 17.9-12.6 28.9-12.6 6.9 0 13.7 1.8 19.6 5.3l7.9 4.6c.8-.5 1.6-.9 2.4-1.4 7-14.6 11.2-30.8 11.2-48 0-61.9-50.1-112-112-112S208 82.1 208 144c0 61.9 50.1 112 112 112zm105.2 194.5c-2.3-1.2-4.6-2.6-6.8-3.9-8.2 4.8-15.3 9.8-27.5 9.8-10.9 0-21.4-4.6-28.9-12.6-18.3-19.8-32.3-43.9-40.2-69.6-10.7-34.5 24.9-49.7 25.8-50.3-.1-2.6-.1-5.2 0-7.8l-7.9-4.6c-3.8-2.2-7-5-9.8-8.1-3.3.2-6.5.6-9.8.6-24.6 0-47.6-6-68.5-16h-8.3C179.6 288 128 339.6 128 403.2V432c0 26.5 21.5 48 48 48h255.4c-3.7-6-6.2-12.8-6.2-20.3v-9.2zM173.1 274.6C161.5 263.1 145.6 256 128 256H64c-35.3 0-64 28.7-64 64v32c0 17.7 14.3 32 32 32h65.9c6.3-47.4 34.9-87.3 75.2-109.4z\"><\/path><\/svg>\t\t\t<\/div>\n\t\t<\/div>\n\t\t\t\t\t\t<\/div>\n\t\t\t\t<div class=\"elementor-element elementor-element-1fd4a117 elementor-widget elementor-widget-image\" data-id=\"1fd4a117\" data-element_type=\"widget\" data-e-type=\"widget\" data-widget_type=\"image.default\">\n\t\t\t\t\t\t\t\t\t\t\t\t\t\t\t<img decoding=\"async\" src=\"http:\/\/formationenfrancais.com\/wp-content\/uploads\/2026\/08\/Image-Contact-1.jpg\" title=\"\" alt=\"\" loading=\"lazy\" \/>\t\t\t\t\t\t\t\t\t\t\t\t\t\t\t<\/div>\n\t\t\t\t<\/div>\n\t\t\t\t<\/div>\n\t\t<div class=\"elementor-element elementor-element-54e65bb6 e-con-full e-flex e-con e-parent\" data-id=\"54e65bb6\" data-element_type=\"container\" data-e-type=\"container\">\n\t\t\t\t<div class=\"elementor-element elementor-element-3dd83f6 elementor-widget elementor-widget-heading\" data-id=\"3dd83f6\" data-element_type=\"widget\" data-e-type=\"widget\" data-widget_type=\"heading.default\">\n\t\t\t\t\t<h3 class=\"elementor-heading-title elementor-size-default\">Clases regulares o workshops<\/h3>\t\t\t\t<\/div>\n\t\t\t\t<div class=\"elementor-element elementor-element-5bdbcc5 elementor-widget elementor-widget-text-editor\" data-id=\"5bdbcc5\" data-element_type=\"widget\" data-e-type=\"widget\" data-widget_type=\"text-editor.default\">\n\t\t\t\t\t\t\t\t\t<p class=\"isSelectedEnd\">Aprender franc\u00e9s no siempre tiene que significar asistir a una clase semanal y seguir un programa convencional.<\/p><p class=\"isSelectedEnd\">Las clases tradicionales son una excelente opci\u00f3n para desarrollar el idioma de forma progresiva y trabajar todas las competencias ling\u00fc\u00edsticas a largo plazo. Sin embargo, no siempre se adaptan al ritmo, las necesidades o la disponibilidad de los equipos.<\/p><p>Los <strong>workshops en franc\u00e9s<\/strong> proponen otro enfoque: sesiones din\u00e1micas, participativas y centradas en una tem\u00e1tica, una situaci\u00f3n o una competencia concreta.<\/p>\t\t\t\t\t\t\t\t<\/div>\n\t\t\t\t<div class=\"elementor-element elementor-element-3d47c86 elementor-widget elementor-widget-image\" data-id=\"3d47c86\" data-element_type=\"widget\" data-e-type=\"widget\" data-widget_type=\"image.default\">\n\t\t\t\t\t\t\t\t\t\t\t\t\t\t\t<img decoding=\"async\" width=\"640\" height=\"427\" src=\"https:\/\/formationenfrancais.com\/wp-content\/uploads\/2026\/09\/Sophie-_144_peo-1024x683.jpg\" class=\"attachment-large size-large wp-image-1549\" alt=\"\" srcset=\"https:\/\/formationenfrancais.com\/wp-content\/uploads\/2026\/09\/Sophie-_144_peo-1024x683.jpg 1024w, https:\/\/formationenfrancais.com\/wp-content\/uploads\/2026\/09\/Sophie-_144_peo-300x200.jpg 300w, https:\/\/formationenfrancais.com\/wp-content\/uploads\/2026\/09\/Sophie-_144_peo-768x512.jpg 768w, https:\/\/formationenfrancais.com\/wp-content\/uploads\/2026\/09\/Sophie-_144_peo-1536x1024.jpg 1536w, https:\/\/formationenfrancais.com\/wp-content\/uploads\/2026\/09\/Sophie-_144_peo-2048x1365.jpg 2048w\" sizes=\"(max-width: 640px) 100vw, 640px\" \/>\t\t\t\t\t\t\t\t\t\t\t\t\t\t\t<\/div>\n\t\t<div class=\"elementor-element elementor-element-72256f28 e-con-full e-flex e-con e-child\" data-id=\"72256f28\" data-element_type=\"container\" data-e-type=\"container\">\n\t\t\t\t<div class=\"elementor-element elementor-element-2175c73 elementor-widget elementor-widget-text-editor\" data-id=\"2175c73\" data-element_type=\"widget\" data-e-type=\"widget\" data-widget_type=\"text-editor.default\">\n\t\t\t\t\t\t\t\t\t<h2>CLASES REGULARES<\/h2><p><strong>Un aprendizaje progresivo y continuado<\/strong><\/p><p>Las clases regulares permiten avanzar de forma estructurada y desarrollar progresivamente las diferentes competencias del idioma: comprensi\u00f3n, expresi\u00f3n oral y escrita, vocabulario y gram\u00e1tica.<\/p><p><strong>Un recorrido adaptado al grupo<\/strong><\/p><p>El programa se construye teniendo en cuenta el nivel, los objetivos y las necesidades de los participantes, permitiendo consolidar los conocimientos y avanzar paso a paso.<\/p><p><strong>Tiempo para aprender y consolidar<\/strong><\/p><p>La regularidad permite introducir nuevos contenidos, practicar, revisar y reforzar los conocimientos para favorecer un aprendizaje s\u00f3lido y duradero.<\/p><p><strong>El franc\u00e9s como proceso<\/strong><\/p><p>Un formato pensado para quienes desean mejorar su nivel de manera progresiva, ganar autonom\u00eda y desarrollar sus competencias ling\u00fc\u00edsticas a largo plazo.<\/p>\t\t\t\t\t\t\t\t<\/div>\n\t\t\t\t<div class=\"elementor-element elementor-element-deb9ae9 elementor-widget elementor-widget-text-editor\" data-id=\"deb9ae9\" data-element_type=\"widget\" data-e-type=\"widget\" data-widget_type=\"text-editor.default\">\n\t\t\t\t\t\t\t\t\t<h2>WORKSHOPS<\/h2><p><strong>Un formato m\u00e1s flexible<\/strong><br \/>Sesiones puntuales o ciclos cortos que pueden adaptarse a la disponibilidad de la empresa y de los participantes.<\/p><p><strong>Aprender haciendo<\/strong><br \/>El idioma se practica a trav\u00e9s de actividades, retos, simulaciones y situaciones concretas que favorecen la participaci\u00f3n activa.<\/p><p><strong>Contenidos conectados con la realidad<\/strong><br \/>Cada workshop puede centrarse en un tema espec\u00edfico: comunicaci\u00f3n profesional, cultura franc\u00f3fona, situaciones cotidianas, preparaci\u00f3n de un viaje o necesidades concretas del equipo.<\/p><p><strong>Una experiencia colectiva y din\u00e1mica<\/strong><br \/>Los participantes interact\u00faan, colaboran y utilizan el franc\u00e9s en un ambiente m\u00e1s distendido, favoreciendo la confianza y la comunicaci\u00f3n.<\/p><p><strong>Un complemento o una alternativa<\/strong><br \/>Los workshops pueden completar un programa de formaci\u00f3n ling\u00fc\u00edstica o funcionar de manera independiente como una experiencia de aprendizaje puntual.<\/p>\t\t\t\t\t\t\t\t<\/div>\n\t\t\t\t<\/div>\n\t\t<div class=\"elementor-element elementor-element-70bb39e e-flex e-con-boxed e-con e-child\" data-id=\"70bb39e\" data-element_type=\"container\" data-e-type=\"container\">\n\t\t\t\t\t<div class=\"e-con-inner\">\n\t\t\t\t<div class=\"elementor-element elementor-element-4630057 elementor-widget elementor-widget-text-editor\" data-id=\"4630057\" data-element_type=\"widget\" data-e-type=\"widget\" data-widget_type=\"text-editor.default\">\n\t\t\t\t\t\t\t\t\t<h3 class=\"isSelectedEnd\" style=\"text-align: center;\">Dos formatos, dos maneras de aprender. Un mismo objetivo: utilizar el franc\u00e9s con m\u00e1s confianza.<\/h3>\t\t\t\t\t\t\t\t<\/div>\n\t\t\t\t\t<\/div>\n\t\t\t\t<\/div>\n\t\t\t\t<div class=\"elementor-element elementor-element-362051c elementor-mobile-align-center elementor-align-center elementor-widget elementor-widget-button\" data-id=\"362051c\" data-element_type=\"widget\" data-e-type=\"widget\" data-widget_type=\"button.default\">\n\t\t\t\t\t\t\t\t\t\t<a class=\"elementor-button elementor-button-link elementor-size-sm\" href=\"https:\/\/api.whatsapp.com\/send\/?phone=%2B34625581765\" target=\"_blank\">\n\t\t\t\t\t\t<span class=\"elementor-button-content-wrapper\">\n\t\t\t\t\t\t\t\t\t<span class=\"elementor-button-text\">Concertar una cita<\/span>\n\t\t\t\t\t<\/span>\n\t\t\t\t\t<\/a>\n\t\t\t\t\t\t\t\t<\/div>\n\t\t\t\t<\/div>\n\t\t<div class=\"elementor-element elementor-element-1666bbe1 e-flex e-con-boxed e-con e-parent\" data-id=\"1666bbe1\" data-element_type=\"container\" data-e-type=\"container\" data-settings=\"{&quot;background_background&quot;:&quot;classic&quot;}\">\n\t\t\t\t\t<div class=\"e-con-inner\">\n\t\t\t\t<div class=\"elementor-element elementor-element-2e4d7583 elementor-widget elementor-widget-heading\" data-id=\"2e4d7583\" data-element_type=\"widget\" data-e-type=\"widget\" data-widget_type=\"heading.default\">\n\t\t\t\t\t<h3 class=\"elementor-heading-title elementor-size-default\">Coaching ling\u00fc\u00edstico para directivos<\/h3>\t\t\t\t<\/div>\n\t\t\t\t<div class=\"elementor-element elementor-element-e4afbf0 elementor-widget elementor-widget-text-editor\" data-id=\"e4afbf0\" data-element_type=\"widget\" data-e-type=\"widget\" data-widget_type=\"text-editor.default\">\n\t\t\t\t\t\t\t\t\t<p>Formato individual y personalizado<\/p>\t\t\t\t\t\t\t\t<\/div>\n\t\t\t\t<div class=\"elementor-element elementor-element-6c76f33d elementor-mobile-align-center elementor-align-center elementor-widget elementor-widget-button\" data-id=\"6c76f33d\" data-element_type=\"widget\" data-e-type=\"widget\" data-widget_type=\"button.default\">\n\t\t\t\t\t\t\t\t\t\t<a class=\"elementor-button elementor-button-link elementor-size-sm\" href=\"https:\/\/formationenfrancais.com\/index.php\/coaching-linguistico-frances\/\" target=\"_blank\">\n\t\t\t\t\t\t<span class=\"elementor-button-content-wrapper\">\n\t\t\t\t\t\t\t\t\t<span class=\"elementor-button-text\">Saber m\u00e1s<\/span>\n\t\t\t\t\t<\/span>\n\t\t\t\t\t<\/a>\n\t\t\t\t\t\t\t\t<\/div>\n\t\t\t\t\t<\/div>\n\t\t\t\t<\/div>\n\t\t\t\t<\/div>\n\t\t","protected":false},"excerpt":{"rendered":"<p>Franc\u00e9s profesional para empresas Aprovechar y mejorar su franc\u00e9s en \u00e1mbito profesional para comunicar con colaboradores y clientes. Formaci\u00f3n integrativa en franc\u00e9s Desde 2013, impartimos formaci\u00f3n en franc\u00e9s para empresas de sectores muy variados como la tecnolog\u00eda, la automoci\u00f3n, la industria del mueble,\u00a0 la moda, la medicina y la diplomacia. Ofrecemos formaci\u00f3n continua centrada en [&hellip;]<\/p>\n","protected":false},"author":1,"featured_media":0,"parent":0,"menu_order":0,"comment_status":"closed","ping_status":"closed","template":"","meta":{"elearning_container_layout":"tg-site-layout--default","elearning_sidebar_layout":"tg-site-layout--default","elearning_remove_content_margin":false,"elearning_sidebar":"default","elearning_transparent_header":"customizer","elearning_logo":0,"elearning_header_style":"default","elearning_menu_item_color":"","elearning_menu_item_hover_color":"","elearning_menu_item_active_color":"","elearning_menu_item_active_style":"","elearning_page_header":true,"footnotes":""},"class_list":["post-1293","page","type-page","status-publish","hentry"],"yoast_head":"<!-- This site is optimized with the Yoast SEO plugin v28.4 - https:\/\/yoast.com\/product\/yoast-seo-wordpress\/ -->\n<title>Franc\u00e9s para empresas - Formation en fran\u00e7ais<\/title>\n<meta name=\"description\" content=\"Courses y workshop de franc\u00e9s para empresas y profesionales. Cursos online y presencial, formaci\u00f3n bonificada de franc\u00e9s para empresas\" \/>\n<meta name=\"robots\" content=\"index, follow, max-snippet:-1, max-image-preview:large, max-video-preview:-1\" \/>\n<link rel=\"canonical\" href=\"https:\/\/formationenfrancais.com\/index.php\/frances-para-empresas\/\" \/>\n<meta property=\"og:locale\" content=\"es_ES\" \/>\n<meta property=\"og:type\" content=\"article\" \/>\n<meta property=\"og:title\" content=\"Franc\u00e9s para empresas - Formation en fran\u00e7ais\" \/>\n<meta property=\"og:description\" content=\"Courses y workshop de franc\u00e9s para empresas y profesionales. Cursos online y presencial, formaci\u00f3n bonificada de franc\u00e9s para empresas\" \/>\n<meta property=\"og:url\" content=\"https:\/\/formationenfrancais.com\/index.php\/frances-para-empresas\/\" \/>\n<meta property=\"og:site_name\" content=\"Formation en fran\u00e7ais\" \/>\n<meta property=\"article:modified_time\" content=\"2026-09-02T13:41:50+00:00\" \/>\n<meta property=\"og:image\" content=\"http:\/\/formationenfrancais.com\/wp-content\/uploads\/2026\/09\/Sophie-_120-1024x683.jpg\" \/>\n<meta name=\"twitter:card\" content=\"summary_large_image\" \/>\n<meta name=\"twitter:label1\" content=\"Tiempo de lectura\" \/>\n\t<meta name=\"twitter:data1\" content=\"4 minutos\" \/>\n<script type=\"application\/ld+json\" class=\"yoast-schema-graph\">{\"@context\":\"https:\\\/\\\/schema.org\",\"@graph\":[{\"@type\":\"WebPage\",\"@id\":\"https:\\\/\\\/formationenfrancais.com\\\/index.php\\\/frances-para-empresas\\\/\",\"url\":\"https:\\\/\\\/formationenfrancais.com\\\/index.php\\\/frances-para-empresas\\\/\",\"name\":\"Franc\u00e9s para empresas - Formation en fran\u00e7ais\",\"isPartOf\":{\"@id\":\"https:\\\/\\\/formationenfrancais.com\\\/#website\"},\"primaryImageOfPage\":{\"@id\":\"https:\\\/\\\/formationenfrancais.com\\\/index.php\\\/frances-para-empresas\\\/#primaryimage\"},\"image\":{\"@id\":\"https:\\\/\\\/formationenfrancais.com\\\/index.php\\\/frances-para-empresas\\\/#primaryimage\"},\"thumbnailUrl\":\"http:\\\/\\\/formationenfrancais.com\\\/wp-content\\\/uploads\\\/2026\\\/09\\\/Sophie-_120-1024x683.jpg\",\"datePublished\":\"2026-08-10T16:07:34+00:00\",\"dateModified\":\"2026-09-02T13:41:50+00:00\",\"description\":\"Courses y workshop de franc\u00e9s para empresas y profesionales. Cursos online y presencial, formaci\u00f3n bonificada de franc\u00e9s para empresas\",\"breadcrumb\":{\"@id\":\"https:\\\/\\\/formationenfrancais.com\\\/index.php\\\/frances-para-empresas\\\/#breadcrumb\"},\"inLanguage\":\"es\",\"potentialAction\":[{\"@type\":\"ReadAction\",\"target\":[\"https:\\\/\\\/formationenfrancais.com\\\/index.php\\\/frances-para-empresas\\\/\"]}]},{\"@type\":\"ImageObject\",\"inLanguage\":\"es\",\"@id\":\"https:\\\/\\\/formationenfrancais.com\\\/index.php\\\/frances-para-empresas\\\/#primaryimage\",\"url\":\"https:\\\/\\\/formationenfrancais.com\\\/wp-content\\\/uploads\\\/2026\\\/09\\\/Sophie-_120-scaled.jpg\",\"contentUrl\":\"https:\\\/\\\/formationenfrancais.com\\\/wp-content\\\/uploads\\\/2026\\\/09\\\/Sophie-_120-scaled.jpg\",\"width\":2560,\"height\":1707},{\"@type\":\"BreadcrumbList\",\"@id\":\"https:\\\/\\\/formationenfrancais.com\\\/index.php\\\/frances-para-empresas\\\/#breadcrumb\",\"itemListElement\":[{\"@type\":\"ListItem\",\"position\":1,\"name\":\"Portada\",\"item\":\"https:\\\/\\\/formationenfrancais.com\\\/\"},{\"@type\":\"ListItem\",\"position\":2,\"name\":\"Franc\u00e9s para empresas\"}]},{\"@type\":\"WebSite\",\"@id\":\"https:\\\/\\\/formationenfrancais.com\\\/#website\",\"url\":\"https:\\\/\\\/formationenfrancais.com\\\/\",\"name\":\"Formation en fran\u00e7ais\",\"description\":\"Franc\u00e9s para empresas, profesionales y instituciones\",\"publisher\":{\"@id\":\"https:\\\/\\\/formationenfrancais.com\\\/#organization\"},\"potentialAction\":[{\"@type\":\"SearchAction\",\"target\":{\"@type\":\"EntryPoint\",\"urlTemplate\":\"https:\\\/\\\/formationenfrancais.com\\\/?s={search_term_string}\"},\"query-input\":{\"@type\":\"PropertyValueSpecification\",\"valueRequired\":true,\"valueName\":\"search_term_string\"}}],\"inLanguage\":\"es\"},{\"@type\":\"Organization\",\"@id\":\"https:\\\/\\\/formationenfrancais.com\\\/#organization\",\"name\":\"Formation en fran\u00e7ais\",\"url\":\"https:\\\/\\\/formationenfrancais.com\\\/\",\"logo\":{\"@type\":\"ImageObject\",\"inLanguage\":\"es\",\"@id\":\"https:\\\/\\\/formationenfrancais.com\\\/#\\\/schema\\\/logo\\\/image\\\/\",\"url\":\"https:\\\/\\\/formationenfrancais.com\\\/wp-content\\\/uploads\\\/2026\\\/08\\\/solo-logos-01-2021-01.webp\",\"contentUrl\":\"https:\\\/\\\/formationenfrancais.com\\\/wp-content\\\/uploads\\\/2026\\\/08\\\/solo-logos-01-2021-01.webp\",\"width\":1051,\"height\":520,\"caption\":\"Formation en fran\u00e7ais\"},\"image\":{\"@id\":\"https:\\\/\\\/formationenfrancais.com\\\/#\\\/schema\\\/logo\\\/image\\\/\"}}]}<\/script>\n<!-- \/ Yoast SEO plugin. -->","yoast_head_json":{"title":"Franc\u00e9s para empresas - Formation en fran\u00e7ais","description":"Courses y workshop de franc\u00e9s para empresas y profesionales. Cursos online y presencial, formaci\u00f3n bonificada de franc\u00e9s para empresas","robots":{"index":"index","follow":"follow","max-snippet":"max-snippet:-1","max-image-preview":"max-image-preview:large","max-video-preview":"max-video-preview:-1"},"canonical":"https:\/\/formationenfrancais.com\/index.php\/frances-para-empresas\/","og_locale":"es_ES","og_type":"article","og_title":"Franc\u00e9s para empresas - Formation en fran\u00e7ais","og_description":"Courses y workshop de franc\u00e9s para empresas y profesionales. Cursos online y presencial, formaci\u00f3n bonificada de franc\u00e9s para empresas","og_url":"https:\/\/formationenfrancais.com\/index.php\/frances-para-empresas\/","og_site_name":"Formation en fran\u00e7ais","article_modified_time":"2026-09-02T13:41:50+00:00","og_image":[{"url":"http:\/\/formationenfrancais.com\/wp-content\/uploads\/2026\/09\/Sophie-_120-1024x683.jpg","type":"","width":"","height":""}],"twitter_card":"summary_large_image","twitter_misc":{"Tiempo de lectura":"4 minutos"},"schema":{"@context":"https:\/\/schema.org","@graph":[{"@type":"WebPage","@id":"https:\/\/formationenfrancais.com\/index.php\/frances-para-empresas\/","url":"https:\/\/formationenfrancais.com\/index.php\/frances-para-empresas\/","name":"Franc\u00e9s para empresas - Formation en fran\u00e7ais","isPartOf":{"@id":"https:\/\/formationenfrancais.com\/#website"},"primaryImageOfPage":{"@id":"https:\/\/formationenfrancais.com\/index.php\/frances-para-empresas\/#primaryimage"},"image":{"@id":"https:\/\/formationenfrancais.com\/index.php\/frances-para-empresas\/#primaryimage"},"thumbnailUrl":"http:\/\/formationenfrancais.com\/wp-content\/uploads\/2026\/09\/Sophie-_120-1024x683.jpg","datePublished":"2026-08-10T16:07:34+00:00","dateModified":"2026-09-02T13:41:50+00:00","description":"Courses y workshop de franc\u00e9s para empresas y profesionales. Cursos online y presencial, formaci\u00f3n bonificada de franc\u00e9s para empresas","breadcrumb":{"@id":"https:\/\/formationenfrancais.com\/index.php\/frances-para-empresas\/#breadcrumb"},"inLanguage":"es","potentialAction":[{"@type":"ReadAction","target":["https:\/\/formationenfrancais.com\/index.php\/frances-para-empresas\/"]}]},{"@type":"ImageObject","inLanguage":"es","@id":"https:\/\/formationenfrancais.com\/index.php\/frances-para-empresas\/#primaryimage","url":"https:\/\/formationenfrancais.com\/wp-content\/uploads\/2026\/09\/Sophie-_120-scaled.jpg","contentUrl":"https:\/\/formationenfrancais.com\/wp-content\/uploads\/2026\/09\/Sophie-_120-scaled.jpg","width":2560,"height":1707},{"@type":"BreadcrumbList","@id":"https:\/\/formationenfrancais.com\/index.php\/frances-para-empresas\/#breadcrumb","itemListElement":[{"@type":"ListItem","position":1,"name":"Portada","item":"https:\/\/formationenfrancais.com\/"},{"@type":"ListItem","position":2,"name":"Franc\u00e9s para empresas"}]},{"@type":"WebSite","@id":"https:\/\/formationenfrancais.com\/#website","url":"https:\/\/formationenfrancais.com\/","name":"Formation en fran\u00e7ais","description":"Franc\u00e9s para empresas, profesionales y instituciones","publisher":{"@id":"https:\/\/formationenfrancais.com\/#organization"},"potentialAction":[{"@type":"SearchAction","target":{"@type":"EntryPoint","urlTemplate":"https:\/\/formationenfrancais.com\/?s={search_term_string}"},"query-input":{"@type":"PropertyValueSpecification","valueRequired":true,"valueName":"search_term_string"}}],"inLanguage":"es"},{"@type":"Organization","@id":"https:\/\/formationenfrancais.com\/#organization","name":"Formation en fran\u00e7ais","url":"https:\/\/formationenfrancais.com\/","logo":{"@type":"ImageObject","inLanguage":"es","@id":"https:\/\/formationenfrancais.com\/#\/schema\/logo\/image\/","url":"https:\/\/formationenfrancais.com\/wp-content\/uploads\/2026\/08\/solo-logos-01-2021-01.webp","contentUrl":"https:\/\/formationenfrancais.com\/wp-content\/uploads\/2026\/08\/solo-logos-01-2021-01.webp","width":1051,"height":520,"caption":"Formation en fran\u00e7ais"},"image":{"@id":"https:\/\/formationenfrancais.com\/#\/schema\/logo\/image\/"}}]}},"jetpack_sharing_enabled":true,"_links":{"self":[{"href":"https:\/\/formationenfrancais.com\/index.php\/wp-json\/wp\/v2\/pages\/1293","targetHints":{"allow":["GET"]}}],"collection":[{"href":"https:\/\/formationenfrancais.com\/index.php\/wp-json\/wp\/v2\/pages"}],"about":[{"href":"https:\/\/formationenfrancais.com\/index.php\/wp-json\/wp\/v2\/types\/page"}],"author":[{"embeddable":true,"href":"https:\/\/formationenfrancais.com\/index.php\/wp-json\/wp\/v2\/users\/1"}],"replies":[{"embeddable":true,"href":"https:\/\/formationenfrancais.com\/index.php\/wp-json\/wp\/v2\/comments?post=1293"}],"version-history":[{"count":27,"href":"https:\/\/formationenfrancais.com\/index.php\/wp-json\/wp\/v2\/pages\/1293\/revisions"}],"predecessor-version":[{"id":1601,"href":"https:\/\/formationenfrancais.com\/index.php\/wp-json\/wp\/v2\/pages\/1293\/revisions\/1601"}],"wp:attachment":[{"href":"https:\/\/formationenfrancais.com\/index.php\/wp-json\/wp\/v2\/media?parent=1293"}],"curies":[{"name":"wp","href":"https:\/\/api.w.org\/{rel}","templated":true}]}}